{"id":1123,"date":"2024-09-12T09:40:37","date_gmt":"2024-09-12T09:40:37","guid":{"rendered":"https:\/\/protectoraberga.com\/?post_type=pets&#038;p=1123"},"modified":"2026-02-08T13:50:55","modified_gmt":"2026-02-08T13:50:55","slug":"lopez","status":"publish","type":"pets","link":"https:\/\/protectoraberga.com\/?pets=lopez","title":{"rendered":"L\u00d3PEZ"},"content":{"rendered":"\n<p>Gos mascle. Data de naixement, aproximada: 15 &#8211; 12 &#8211; 2019. Pes: 14&#8217;5kg.<\/p>\n\n\n\n<p>Va ser recollit a Berga. Per les informacions que ens han arribat, creiem que \u00e9s el t\u00edpic gos que estava lligat en un hort. De moment continua en tractament, ja que va arribar en unes condicions p\u00e8ssimes: problemes a l&#8217;o\u00efda, un queixal que comen\u00e7ava a infectar l&#8217;ull, ple de paparres, de puces&#8230; Ara, per\u00f2, est\u00e0 molt b\u00e9 i aviat t\u00e9 revisi\u00f3 amb el veterinari. <\/p>\n\n\n\n<p>El L\u00f3pez \u00e9s un gos amb un car\u00e0cter fort, tot i que \u00e9s molt bo i simp\u00e0tic, per\u00f2 tamb\u00e9 tossut quan vol. <\/p>\n\n\n\n<p>Surt molt b\u00e9 amb corretja i s&#8217;ho passa molt b\u00e9 olorant tot el qu\u00e8 troba. Sense corretja \u00e9s molt obedient. Aviat l&#8217;introduirem en un grup. <\/p>\n\n\n\n<figure class=\"wp-block-gallery has-nested-images columns-default is-cropped wp-block-gallery-1 is-layout-flex wp-block-gallery-is-layout-flex\">\n<figure class=\"wp-block-image size-large\"><img loading=\"lazy\" decoding=\"async\" width=\"1024\" height=\"626\" data-id=\"1125\" src=\"https:\/\/protectoraberga.com\/wp-content\/uploads\/2024\/09\/P1080773-1024x626.jpg\" alt=\"\" class=\"wp-image-1125\" srcset=\"https:\/\/protectoraberga.com\/wp-content\/uploads\/2024\/09\/P1080773-1024x626.jpg 1024w, https:\/\/protectoraberga.com\/wp-content\/uploads\/2024\/09\/P1080773-300x183.jpg 300w, https:\/\/protectoraberga.com\/wp-content\/uploads\/2024\/09\/P1080773-768x469.jpg 768w, https:\/\/protectoraberga.com\/wp-content\/uploads\/2024\/09\/P1080773-1536x938.jpg 1536w, https:\/\/protectoraberga.com\/wp-content\/uploads\/2024\/09\/P1080773-676x413.jpg 676w, https:\/\/protectoraberga.com\/wp-content\/uploads\/2024\/09\/P1080773-360x220.jpg 360w, https:\/\/protectoraberga.com\/wp-content\/uploads\/2024\/09\/P1080773.jpg 2000w\" sizes=\"auto, (max-width: 1024px) 100vw, 1024px\" \/><\/figure>\n\n\n\n<figure class=\"wp-block-image size-large\"><img loading=\"lazy\" decoding=\"async\" width=\"1024\" height=\"768\" data-id=\"1127\" src=\"https:\/\/protectoraberga.com\/wp-content\/uploads\/2024\/09\/P1080761-1024x768.jpg\" alt=\"\" class=\"wp-image-1127\" srcset=\"https:\/\/protectoraberga.com\/wp-content\/uploads\/2024\/09\/P1080761-1024x768.jpg 1024w, https:\/\/protectoraberga.com\/wp-content\/uploads\/2024\/09\/P1080761-300x225.jpg 300w, https:\/\/protectoraberga.com\/wp-content\/uploads\/2024\/09\/P1080761-768x576.jpg 768w, https:\/\/protectoraberga.com\/wp-content\/uploads\/2024\/09\/P1080761-1536x1152.jpg 1536w, https:\/\/protectoraberga.com\/wp-content\/uploads\/2024\/09\/P1080761-676x507.jpg 676w, https:\/\/protectoraberga.com\/wp-content\/uploads\/2024\/09\/P1080761-360x270.jpg 360w, https:\/\/protectoraberga.com\/wp-content\/uploads\/2024\/09\/P1080761.jpg 2000w\" sizes=\"auto, (max-width: 1024px) 100vw, 1024px\" \/><\/figure>\n\n\n\n<figure class=\"wp-block-image size-large\"><img loading=\"lazy\" decoding=\"async\" width=\"1024\" height=\"768\" data-id=\"1124\" src=\"https:\/\/protectoraberga.com\/wp-content\/uploads\/2024\/09\/P1080760-1024x768.jpg\" alt=\"\" class=\"wp-image-1124\" srcset=\"https:\/\/protectoraberga.com\/wp-content\/uploads\/2024\/09\/P1080760-1024x768.jpg 1024w, https:\/\/protectoraberga.com\/wp-content\/uploads\/2024\/09\/P1080760-300x225.jpg 300w, https:\/\/protectoraberga.com\/wp-content\/uploads\/2024\/09\/P1080760-768x576.jpg 768w, https:\/\/protectoraberga.com\/wp-content\/uploads\/2024\/09\/P1080760-1536x1152.jpg 1536w, https:\/\/protectoraberga.com\/wp-content\/uploads\/2024\/09\/P1080760-676x507.jpg 676w, https:\/\/protectoraberga.com\/wp-content\/uploads\/2024\/09\/P1080760-360x270.jpg 360w, https:\/\/protectoraberga.com\/wp-content\/uploads\/2024\/09\/P1080760.jpg 2000w\" sizes=\"auto, (max-width: 1024px) 100vw, 1024px\" \/><\/figure>\n\n\n\n<figure class=\"wp-block-image size-large\"><img loading=\"lazy\" decoding=\"async\" width=\"1024\" height=\"768\" data-id=\"1129\" src=\"https:\/\/protectoraberga.com\/wp-content\/uploads\/2024\/09\/P1080765-1024x768.jpg\" alt=\"\" class=\"wp-image-1129\" srcset=\"https:\/\/protectoraberga.com\/wp-content\/uploads\/2024\/09\/P1080765-1024x768.jpg 1024w, https:\/\/protectoraberga.com\/wp-content\/uploads\/2024\/09\/P1080765-300x225.jpg 300w, https:\/\/protectoraberga.com\/wp-content\/uploads\/2024\/09\/P1080765-768x576.jpg 768w, https:\/\/protectoraberga.com\/wp-content\/uploads\/2024\/09\/P1080765-1536x1152.jpg 1536w, https:\/\/protectoraberga.com\/wp-content\/uploads\/2024\/09\/P1080765-676x507.jpg 676w, https:\/\/protectoraberga.com\/wp-content\/uploads\/2024\/09\/P1080765-360x270.jpg 360w, https:\/\/protectoraberga.com\/wp-content\/uploads\/2024\/09\/P1080765.jpg 2000w\" sizes=\"auto, (max-width: 1024px) 100vw, 1024px\" \/><\/figure>\n\n\n\n<figure class=\"wp-block-image size-large\"><img loading=\"lazy\" decoding=\"async\" width=\"1024\" height=\"699\" data-id=\"1126\" src=\"https:\/\/protectoraberga.com\/wp-content\/uploads\/2024\/09\/P1080767-1024x699.jpg\" alt=\"\" class=\"wp-image-1126\" srcset=\"https:\/\/protectoraberga.com\/wp-content\/uploads\/2024\/09\/P1080767-1024x699.jpg 1024w, https:\/\/protectoraberga.com\/wp-content\/uploads\/2024\/09\/P1080767-300x205.jpg 300w, https:\/\/protectoraberga.com\/wp-content\/uploads\/2024\/09\/P1080767-768x524.jpg 768w, https:\/\/protectoraberga.com\/wp-content\/uploads\/2024\/09\/P1080767-1536x1049.jpg 1536w, https:\/\/protectoraberga.com\/wp-content\/uploads\/2024\/09\/P1080767-676x462.jpg 676w, https:\/\/protectoraberga.com\/wp-content\/uploads\/2024\/09\/P1080767-360x246.jpg 360w, https:\/\/protectoraberga.com\/wp-content\/uploads\/2024\/09\/P1080767.jpg 1728w\" sizes=\"auto, (max-width: 1024px) 100vw, 1024px\" \/><\/figure>\n\n\n\n<figure class=\"wp-block-image size-large\"><img loading=\"lazy\" decoding=\"async\" width=\"1024\" height=\"768\" data-id=\"1128\" src=\"https:\/\/protectoraberga.com\/wp-content\/uploads\/2024\/09\/P1080762-1024x768.jpg\" alt=\"\" class=\"wp-image-1128\" srcset=\"https:\/\/protectoraberga.com\/wp-content\/uploads\/2024\/09\/P1080762-1024x768.jpg 1024w, https:\/\/protectoraberga.com\/wp-content\/uploads\/2024\/09\/P1080762-300x225.jpg 300w, https:\/\/protectoraberga.com\/wp-content\/uploads\/2024\/09\/P1080762-768x576.jpg 768w, https:\/\/protectoraberga.com\/wp-content\/uploads\/2024\/09\/P1080762-1536x1152.jpg 1536w, https:\/\/protectoraberga.com\/wp-content\/uploads\/2024\/09\/P1080762-676x507.jpg 676w, https:\/\/protectoraberga.com\/wp-content\/uploads\/2024\/09\/P1080762-360x270.jpg 360w, https:\/\/protectoraberga.com\/wp-content\/uploads\/2024\/09\/P1080762.jpg 2000w\" sizes=\"auto, (max-width: 1024px) 100vw, 1024px\" \/><\/figure>\n<\/figure>\n","protected":false},"excerpt":{"rendered":"<p>Gos mascle. Data de naixement, aproximada: 15 &#8211; 12 &#8211; 2019. Pes: 14&#8217;5kg. Va ser recollit a Berga. Per les informacions que ens han arribat, creiem que \u00e9s el t\u00edpic gos que estava lligat en un hort. De moment continua en tractament, ja que va arribar en unes condicions p\u00e8ssimes: problemes a l&#8217;o\u00efda, un queixal [&hellip;]<\/p>\n","protected":false},"featured_media":0,"template":"","meta":{"ngg_post_thumbnail":0},"breed":[3],"pet-color":[],"class_list":["post-1123","pets","type-pets","status-publish","hentry","breed-gos","post-preview"],"_links":{"self":[{"href":"https:\/\/protectoraberga.com\/index.php?rest_route=\/wp\/v2\/pets\/1123","targetHints":{"allow":["GET"]}}],"collection":[{"href":"https:\/\/protectoraberga.com\/index.php?rest_route=\/wp\/v2\/pets"}],"about":[{"href":"https:\/\/protectoraberga.com\/index.php?rest_route=\/wp\/v2\/types\/pets"}],"wp:attachment":[{"href":"https:\/\/protectoraberga.com\/index.php?rest_route=%2Fwp%2Fv2%2Fmedia&parent=1123"}],"wp:term":[{"taxonomy":"breed","embeddable":true,"href":"https:\/\/protectoraberga.com\/index.php?rest_route=%2Fwp%2Fv2%2Fbreed&post=1123"},{"taxonomy":"pet-color","embeddable":true,"href":"https:\/\/protectoraberga.com\/index.php?rest_route=%2Fwp%2Fv2%2Fpet-color&post=1123"}],"curies":[{"name":"wp","href":"https:\/\/api.w.org\/{rel}","templated":true}]}}